{"id":877,"date":"2023-06-27T19:20:17","date_gmt":"2023-06-27T16:20:17","guid":{"rendered":"https:\/\/mce.com.tr\/?page_id=877"},"modified":"2025-11-29T11:14:18","modified_gmt":"2025-11-29T08:14:18","slug":"gizlilik-politikasi-kvkk-mce","status":"publish","type":"page","link":"https:\/\/mce.com.tr\/index.php\/gizlilik-politikasi-kvkk-mce\/","title":{"rendered":"Gizlilik Politikas\u0131 &#8211; KVKK &#8211; MCE"},"content":{"rendered":"\n<div class=\"wp-block-group alignwide gutenify-section-42a09a80-1507-11ee-a837-afb6c11c015d has-global-padding is-layout-constrained wp-block-group-is-layout-constrained\">\n<h2 class=\"wp-block-heading gutenify-section-ce75c690-14e7-11ee-9eeb-abb517d19391\">Biz Kimiz <\/h2>\n\n\n\n<p class=\"gutenify-section-ce7689e0-14e7-11ee-9eeb-abb517d19391\"><strong class=\"privacy-policy-tutorial\">Web sitesi adresimiz <\/strong> https:\/\/mce.com.tr&#8217;dir. <\/p>\n\n\n\n<p class=\"gutenify-section-ce4e1420-1504-11ee-9eeb-abb517d19391\">Bilgilendirme Metni A\u015fa\u011f\u0131dad\u0131r. <\/p>\n\n\n\n<p class=\"gutenify-section-ab933d70-1504-11ee-9eeb-abb517d19391\"><strong>6698 SAYILI K\u0130\u015e\u0130SEL VER\u0130LER\u0130N KORUNMASI KANUNU GERE\u011e\u0130NCE B\u0130LG\u0130LEND\u0130RME<\/strong><\/p>\n\n\n\n<ol start=\"1\" style=\"list-style-type:1\" class=\"wp-block-list gutenify-section-ad90e230-1504-11ee-9eeb-abb517d19391\">\n<li class=\"gutenify-section-ad901ee0-1504-11ee-9eeb-abb517d19391\"><strong>Veri Sorumlusunun Kimli\u011fi<\/strong><\/li>\n<\/ol>\n\n\n\n<p class=\"gutenify-section-ad91a580-1504-11ee-9eeb-abb517d19391\">Bu bilgilendirme, 6698 say\u0131l\u0131 Ki\u015fisel Verilerin Korunmas\u0131 Kanunu (\u201cKVKK\u201d) kapsam\u0131nda, \u2018Veri Sorumlusu\u2019 s\u0131fat\u0131yla,&nbsp;<strong>MCE Bili\u015fim Elektronik M\u00fchendislik \u0130n\u015faat G\u0131da Spor Tekstil ve Sanayi Limited \u015eirketi<\/strong>\u2019nin, i\u015f ortaklar\u0131na, hissedarlar\u0131na, m\u00fc\u015fterilerine, ileti\u015fimde bulundu\u011fu ger\u00e7ek ya da t\u00fczel ki\u015filere ayd\u0131nlatma y\u00fck\u00fcml\u00fcl\u00fc\u011f\u00fcn\u00fc yerine getirmek \u00fczere yap\u0131lmaktad\u0131r.<\/p>\n\n\n\n<ul class=\"wp-block-list gutenify-section-ad937a40-1504-11ee-9eeb-abb517d19391\">\n<li class=\"gutenify-section-ad928fe0-1504-11ee-9eeb-abb517d19391\"><strong>Ki\u015fisel Verilerin Hangi Ama\u00e7la \u0130\u015flenece\u011fi<\/strong><\/li>\n<\/ul>\n\n\n\n<p class=\"gutenify-section-ad943d90-1504-11ee-9eeb-abb517d19391\">Ki\u015fisel verileriniz, \u015firketimiz taraf\u0131ndan verilen hizmet, \u00fcr\u00fcn ya da ticari faaliyete ba\u011fl\u0131 olarak de\u011fi\u015fkenlik g\u00f6sterebilmekle; otomatik ya da otomatik olmayan y\u00f6ntemlerle, ofisler, \u015fubeler, internet sitesi, d\u0131\u015f kaynaktan al\u0131nan, Microsoft, Google vb. di\u011fer veri toplama sitelerinden firmam\u0131z\u0131n m\u00fc\u015fterilerine sundu\u011fu ve g\u00f6rev ald\u0131\u011f\u0131 s\u00f6zle\u015fmeye ba\u011flanacak, ba\u011flanm\u0131\u015f, y\u00fcr\u00fct\u00fclen ve sonland\u0131r\u0131lm\u0131\u015f projeleri kapsam\u0131nda saha ara\u015ft\u0131rmas\u0131, anket vb. (ilgili sitelerin sorumluluklar\u0131 ilgili hizmet sunucusuna ait olmak \u00fczere), sosyal medya mecralar\u0131 ve benzeri vas\u0131talarla s\u00f6zl\u00fc, yaz\u0131l\u0131 ya da elektronik olarak toplanabilecektir. \u015eirketimizin \u00fcr\u00fcn ve hizmetlerinden yararland\u0131\u011f\u0131n\u0131z m\u00fcddet\u00e7e olu\u015fturularak ve g\u00fcncellenerek ki\u015fisel verileriniz i\u015flenebilecektir.<\/p>\n\n\n\n<p class=\"gutenify-section-ad94d9d0-1504-11ee-9eeb-abb517d19391\">Ayr\u0131ca, \u015firket hizmetlerini kullanmak niyetiyle internet sayfam\u0131z\u0131 kulland\u0131\u011f\u0131n\u0131zda, \u015eirketimizi veya internet sitemizi ziyaret etti\u011finizde, \u015eirketimizin d\u00fczenledi\u011fi e\u011fitim, seminer veya organizasyonlara kat\u0131ld\u0131\u011f\u0131n\u0131zda ki\u015fisel verileriniz i\u015flenebilecektir.<\/p>\n\n\n\n<p class=\"gutenify-section-ad959d20-1504-11ee-9eeb-abb517d19391\">Toplanan ki\u015fisel verileriniz, \u015eirketimiz taraf\u0131ndan sunulan \u00fcr\u00fcn ve hizmetlerden sizleri faydaland\u0131rmak i\u00e7in gerekli \u00e7al\u0131\u015fmalar\u0131n i\u015f birimlerimiz taraf\u0131ndan yap\u0131lmas\u0131, \u015eirketimiz taraf\u0131ndan sunulan \u00fcr\u00fcn ve hizmetlerin sizlerin be\u011feni, kullan\u0131m al\u0131\u015fkanl\u0131klar\u0131 ve ihtiya\u00e7lar\u0131na g\u00f6re \u00f6zelle\u015ftirilerek sizlere \u00f6nerilmesi, \u015firketimizin ve \u015firketimizle i\u015f ili\u015fkisi i\u00e7erisinde olan ki\u015filerin hukuki ve ticari g\u00fcvenli\u011finin temini (\u015firketimiz taraf\u0131ndan y\u00fcr\u00fct\u00fclen ileti\u015fime y\u00f6nelik idari operasyonlar, \u015eirkete ait lokasyonlar\u0131n fiziksel g\u00fcvenli\u011fini ve denetimini sa\u011flamak, i\u015f orta\u011f\u0131\/m\u00fc\u015fteri\/tedarik\u00e7i (yetkili veya \u00e7al\u0131\u015fanlar\u0131) de\u011ferlendirme s\u00fcre\u00e7leri, hukuki uyum s\u00fcreci, mali i\u015fler vb.), \u015eirketimizin ticari ve is stratejilerinin belirlenmesi ve uygulanmas\u0131 ve \u015firketimizin insan kaynaklar\u0131 politikalar\u0131n\u0131n y\u00fcr\u00fct\u00fclmesinin temini ama\u00e7lar\u0131yla KVK Kanunu\u2019nun 5. ve 6. maddelerinde belirtilen ki\u015fisel veri isleme \u015fartlar\u0131 ve ama\u00e7lar\u0131 dahilinde i\u015flenecektir.<\/p>\n\n\n\n<ul class=\"wp-block-list gutenify-section-ad96fcb0-1504-11ee-9eeb-abb517d19391\">\n<li class=\"gutenify-section-ad966070-1504-11ee-9eeb-abb517d19391\"><strong>\u0130\u015flenen Ki\u015fisel Verilerin Kimlere Ve Hangi Ama\u00e7la Aktar\u0131labilece\u011fi<\/strong><\/li>\n<\/ul>\n\n\n\n<p class=\"gutenify-section-ad97e710-1504-11ee-9eeb-abb517d19391\">Toplanan ki\u015fisel verileriniz; \u015eirketimiz taraf\u0131ndan sunulan \u00fcr\u00fcn ve hizmetlerden sizleri faydaland\u0131rmak i\u00e7in gerekli \u00e7al\u0131\u015fmalar\u0131n i\u015f birimlerimiz taraf\u0131ndan yap\u0131lmas\u0131, \u015firketimiz taraf\u0131ndan sunulan \u00fcr\u00fcn ve hizmetlerin sizlerin be\u011feni, kullan\u0131m al\u0131\u015fkanl\u0131klar\u0131 ve ihtiya\u00e7lar\u0131na g\u00f6re \u00f6zelle\u015ftirilerek sizlere \u00f6nerilmesi, \u015firketimizin ve \u015eirketimizle i\u015f ili\u015fkisi i\u00e7erisinde olan ki\u015filerin hukuki ve ticari g\u00fcvenli\u011finin temini (\u015firketimiz taraf\u0131ndan y\u00fcr\u00fct\u00fclen ileti\u015fime y\u00f6nelik idari operasyonlar, \u015firkete ait lokasyonlar\u0131n fiziksel g\u00fcvenli\u011fini ve denetimini sa\u011flamak, i\u015f orta\u011f\u0131\/m\u00fc\u015fteri\/tedarik\u00e7i (yetkili veya \u00e7al\u0131\u015fanlar\u0131) de\u011ferlendirme s\u00fcre\u00e7leri, hukuki uyum s\u00fcreci, mali i\u015fler vb.), \u015eirketimizin ticari ve i\u015f stratejilerinin belirlenmesi ve uygulanmas\u0131 ile \u015firketimizin insan kaynaklar\u0131 politikalar\u0131n\u0131n y\u00fcr\u00fct\u00fclmesinin temini ama\u00e7lar\u0131yla i\u015f ortaklar\u0131m\u0131za, tedarik\u00e7ilerimize, hissedarlar\u0131m\u0131za, kanunen yetkili kamu kurumlar\u0131 ve \u00f6zel ki\u015filere, KVK Kanunu\u2019nun 8. ve 9. maddelerinde belirtilen ki\u015fisel veri i\u015fleme \u015fartlar\u0131 ve ama\u00e7lar\u0131 \u00e7er\u00e7evesinde aktar\u0131labilecektir.<\/p>\n\n\n\n<ul class=\"wp-block-list gutenify-section-ad996db0-1504-11ee-9eeb-abb517d19391\">\n<li class=\"gutenify-section-ad98aa60-1504-11ee-9eeb-abb517d19391\"><strong>&nbsp;Ki\u015fisel Veri Toplaman\u0131n Y\u00f6ntemi ve Hukuki Sebebi<\/strong><\/li>\n<\/ul>\n\n\n\n<p class=\"gutenify-section-ad9a5810-1504-11ee-9eeb-abb517d19391\">Ki\u015fisel verileriniz, her t\u00fcrl\u00fc s\u00f6zl\u00fc, yaz\u0131l\u0131 ya da elektronik ortamda, yukar\u0131da yer verilen ama\u00e7lar do\u011frultusunda \u015firket\u00e7e sundu\u011fumuz \u00fcr\u00fcn ve hizmetlerin belirlenen yasal \u00e7er\u00e7evede sunulabilmesi ve bu kapsamda \u015firketimizin s\u00f6zle\u015fme ve yasadan do\u011fan mesuliyetlerini eksiksiz ve do\u011fru bir \u015fekilde yerine getirebilmesi gayesi ile edinilir. Bu hukuki sebeple toplanan ki\u015fisel verileriniz KVK Kanunu\u2019nun 5. ve 6. maddelerinde belirtilen ki\u015fisel veri i\u015fleme \u015fartlar\u0131 ve ama\u00e7lar\u0131 kapsam\u0131nda bu metnin (1) ve (2) numaral\u0131 maddelerinde belirtilen ama\u00e7larla da i\u015flenebilmekte ve aktar\u0131labilmektedir.<\/p>\n\n\n\n<p class=\"gutenify-section-ad9b1b60-1504-11ee-9eeb-abb517d19391\"><strong>Veri Sahibinin Haklar\u0131<\/strong><\/p>\n\n\n\n<p class=\"gutenify-section-ad9c05c0-1504-11ee-9eeb-abb517d19391\">KVKK kapsam\u0131nda, ki\u015fisel verilerinize ili\u015fkin olarak a\u015fa\u011f\u0131daki haklara sahipsiniz:<\/p>\n\n\n\n<ul class=\"wp-block-list gutenify-section-ada4b850-1504-11ee-9eeb-abb517d19391\">\n<li class=\"gutenify-section-ad9cf020-1504-11ee-9eeb-abb517d19391\">Ki\u015fisel veri i\u015flenip i\u015flenmedi\u011fini \u00f6\u011frenme,<\/li>\n\n\n\n<li class=\"gutenify-section-ad9db370-1504-11ee-9eeb-abb517d19391\">Ki\u015fisel verileri i\u015flenmi\u015fse buna ili\u015fkin bilgi talep etme,<\/li>\n\n\n\n<li class=\"gutenify-section-ad9e76c0-1504-11ee-9eeb-abb517d19391\">Ki\u015fisel verilerin i\u015flenme amac\u0131n\u0131 ve bunlar\u0131n amac\u0131na uygun kullan\u0131l\u0131p kullan\u0131lmad\u0131\u011f\u0131n\u0131 \u00f6\u011frenme,<\/li>\n\n\n\n<li class=\"gutenify-section-ad9f3a10-1504-11ee-9eeb-abb517d19391\">Yurt i\u00e7inde veya yurt d\u0131\u015f\u0131nda ki\u015fisel verilerin aktar\u0131ld\u0131\u011f\u0131 \u00fc\u00e7\u00fcnc\u00fc ki\u015fileri bilme,<\/li>\n\n\n\n<li class=\"gutenify-section-ada04b80-1504-11ee-9eeb-abb517d19391\">Ki\u015fisel verilerin eksik veya yanl\u0131\u015f i\u015flenmi\u015f olmas\u0131 h\u00e2linde bunlar\u0131n d\u00fczeltilmesini isteme,<\/li>\n\n\n\n<li class=\"gutenify-section-ada10ed0-1504-11ee-9eeb-abb517d19391\">Ki\u015fisel verinizin i\u015flenmesini gerektiren sebeplerin ortadan kalkmas\u0131 h\u00e2linde, verilerin silinmesini veya yok edilmesini isteme,<\/li>\n\n\n\n<li class=\"gutenify-section-ada1d220-1504-11ee-9eeb-abb517d19391\">Talebinizce d\u00fczeltilen ya da silinen bilgilerinizin, e\u011fer aktar\u0131lm\u0131\u015f ise ki\u015fisel verilerin aktar\u0131ld\u0131\u011f\u0131 \u00fc\u00e7\u00fcnc\u00fc ki\u015filere bildirilmesini isteme,<\/li>\n\n\n\n<li class=\"gutenify-section-ada29570-1504-11ee-9eeb-abb517d19391\">\u0130\u015flenen verilerin m\u00fcnhas\u0131ran otomatik sistemler vas\u0131tas\u0131yla analiz edilmesi suretiyle ki\u015finin kendisi aleyhine bir sonucun ortaya \u00e7\u0131kmas\u0131na itiraz etme,<\/li>\n\n\n\n<li class=\"gutenify-section-ada37fd0-1504-11ee-9eeb-abb517d19391\">Ki\u015fisel verilerin kanuna ayk\u0131r\u0131 olarak i\u015flenmesi sebebiyle zarara u\u011framas\u0131 h\u00e2linde zarar\u0131n giderilmesini talep etme.<\/li>\n<\/ul>\n\n\n\n<p class=\"gutenify-section-ada57ba0-1504-11ee-9eeb-abb517d19391\">KVK Kanunu\u2019nun 13. maddesinin 1. f\u0131kras\u0131 gere\u011fince, yukar\u0131da belirtilen haklar\u0131n\u0131z\u0131 kullanmak ile ilgili talebinizi, yaz\u0131l\u0131 olarak veya Ki\u015fisel Verileri Koruma Kurulu\u2019nun belirledi\u011fi di\u011fer y\u00f6ntemlerle \u015eirketimize iletebilirsiniz.<\/p>\n\n\n\n<p class=\"gutenify-section-ada66600-1504-11ee-9eeb-abb517d19391\">Bunun i\u00e7in kimli\u011finizi tespit edici gerekli bilgiler ile talep dilek\u00e7enizi bizzat elden teslim edebilir, noter kanal\u0131yla veya Ki\u015fisel Verileri Koruma Kurulu taraf\u0131ndan belirlenen di\u011fer y\u00f6ntemler ile g\u00f6nderebilir veya <a href=\"mailto:mce.iletisim@hs01.kep.tr\" rel=\"nofollow ugc\" title=\"\">bu sayfadaki ileti\u015fim linkinden<\/a> adresine elektronik ortamda iletebilirsiniz.<\/p>\n\n\n\n<figure class=\"wp-block-table gutenify-section-ada75060-1504-11ee-9eeb-abb517d19391\"><table><tbody><tr><td><strong>Ba\u015fvuru Y\u00f6ntemi<\/strong><\/td><td><strong>Ba\u015fvurunun Yap\u0131laca\u011f\u0131 Adres<\/strong><\/td><td><strong>Ba\u015fvuru G\u00f6nderiminde<\/strong> <strong>Belirtilecek Bilgi<\/strong><\/td><\/tr><tr><td><br>\u0130adeli Taahh\u00fctl\u00fc Mektup ya da Noter Kanal\u0131yla<\/td><td><br>MCE Bili\u015fim Elekt. M\u00fch.<br>&nbsp;\u0130n\u015f. G\u0131da Spor<br>Teks. ve San. Ltd. \u015eti. &nbsp; Be\u015ftepeler Mahallesi Cumhurba\u015fkanl\u0131\u011f\u0131 Caddesi Mertebe Sokak No:26\/5 Yenimahalle\/Ankara<\/td><td><br>Eksiksiz doldurulmu\u015f Ba\u015fvuru formu ve gerekli di\u011fer belgeler ile &nbsp; Zarf\u0131n \u00fczerine \u201cKi\u015fisel Verilerin Korunmas\u0131 Kanunu Bilgi Talebi\u201d yaz\u0131lacakt\u0131r.<br><br><\/td><\/tr><tr><td><br>Web Sitesi<\/td><td><strong><br><\/strong><a href=\"https:\/\/mce.com.tr\/index.php\/iletisim\/\" rel=\"nofollow ugc\" title=\"\">\u0130leti\u015fim Formu<\/a>-Gerekmesi halinde \u0131slak\/elektronik imzal\u0131 dok\u00fcman yada kep e posta istenebilir. <\/td><td><br>Eksiksiz doldurulmu\u015f Ba\u015fvuru formu ve gerekli di\u011fer belgeler ile &nbsp;<\/td><\/tr><\/tbody><\/table><\/figure>\n\n\n\n<p class=\"gutenify-section-ada813b0-1504-11ee-9eeb-abb517d19391\">Yukar\u0131da belirtilen kanal ile Kanun\u2019un 13\u2019\u00fcnc\u00fc maddesinin 1\u2019inci f\u0131kras\u0131 gere\u011fince \u201cyaz\u0131l\u0131\u201d ba\u015fvuru kanallar\u0131d\u0131r. Kurul\u2019un belirleyece\u011fi di\u011fer y\u00f6ntemler duyurulduktan sonra bu y\u00f6ntemler \u00fczerinden de ba\u015fvurular\u0131n ne \u015fekilde al\u0131naca\u011f\u0131 \u015eirketimizce duyurulacakt\u0131r.<\/p>\n\n\n\n<p class=\"gutenify-section-ada8d700-1504-11ee-9eeb-abb517d19391\">&nbsp;Ki\u015fisel veri sahibi olarak sahip oldu\u011funuz ve yukar\u0131da belirtilen haklar\u0131n\u0131z\u0131 kullanmak i\u00e7in yapaca\u011f\u0131n\u0131z ve kullanmay\u0131 talep etti\u011finiz hakka ili\u015fkin a\u00e7\u0131klamalar\u0131n\u0131z\u0131 i\u00e7eren ba\u015fvuruda; talep etti\u011finiz hususun a\u00e7\u0131k ve anla\u015f\u0131l\u0131r olmas\u0131, talep etti\u011finiz konunun \u015fahs\u0131n\u0131z ile ilgili olmas\u0131 veya ba\u015fkas\u0131 ad\u0131na hareket ediyor iseniz bu konuda \u00f6zel olarak yetkili olman\u0131z ve yetkinizi belgelendirilmesi, ba\u015fvurunun kimlik ve adres bilgilerini i\u00e7ermesi ve ba\u015fvuruya kimli\u011finizi tevsik edici belgelerin eklenmesi gerekmektedir.<\/p>\n\n\n\n<p class=\"gutenify-section-ada99a50-1504-11ee-9eeb-abb517d19391\">&nbsp;Bu kapsamda yapaca\u011f\u0131n\u0131z ba\u015fvurular m\u00fcmk\u00fcn olan en k\u0131sa zaman diliminde ve en \u00e7ok 30 g\u00fcn i\u00e7erisinde sonu\u00e7land\u0131r\u0131lacakt\u0131r. S\u00f6z konusu ba\u015fvurular \u015fu an i\u00e7in \u00fccretsizdir. Ancak, i\u015flemin ayr\u0131ca bir maliyeti gerektirmesi h\u00e2linde, Ki\u015fisel Verileri Koruma Kurulu\u2019nca belirlenen tarifedeki \u00fccret al\u0131nabilir.<\/p>\n\n\n\n<p class=\"gutenify-section-adaa84b0-1504-11ee-9eeb-abb517d19391\">\u0130\u015f bu ayd\u0131nlatma metni, 6698 say\u0131l\u0131 Ki\u015fisel Verilerin Korunmas\u0131 Kanunu ve ilgili sair mevzuat kapsam\u0131nda haz\u0131rlanm\u0131\u015ft\u0131r. \u0130lgili yasal mevzuat ve\/veya MCE ki\u015fisel veri i\u015fleme ama\u00e7 ve politikalar\u0131nda meydana gelecek de\u011fi\u015fiklikler do\u011frultusunda bahse konu ayd\u0131nlatma metninde gerekli de\u011fi\u015fiklikler yap\u0131labilir.<\/p>\n\n\n\n<p class=\"gutenify-section-adae2e30-1504-11ee-9eeb-abb517d19391\">Ayd\u0131nlatma Metninin en g\u00fcncel haline&nbsp;<a href=\"https:\/\/mce.com.tr\/?page_id=3\" title=\"https:\/\/mce.com.tr\/?page_id=3\">Gizlilik Politikas\u0131 MCE <\/a>&nbsp;adresinden ula\u015f\u0131labilecektir.<\/p>\n\n\n\n<p class=\"gutenify-section-ccb3cfa0-1505-11ee-b092-9977e6d073bd\">WEB S\u0130TES\u0130 \u0130\u00c7\u0130N<\/p>\n\n\n\n<h2 class=\"wp-block-heading gutenify-section-2be064d0-1505-11ee-9eeb-abb517d19391\">Yorumlar<\/h2>\n\n\n\n<p class=\"gutenify-section-dc4b0d70-1505-11ee-b092-9977e6d073bd\">Ziyaret\u00e7iler sitede yorum b\u0131rakt\u0131\u011f\u0131nda, spam tespitine yard\u0131mc\u0131 olmak i\u00e7in yorum formunda g\u00f6sterilen verileri ve ayr\u0131ca ziyaret\u00e7inin IP adresini ve taray\u0131c\u0131 kullan\u0131c\u0131 arac\u0131s\u0131 dizesini toplar\u0131z.<\/p>\n\n\n\n<p class=\"gutenify-section-dc4dcc90-1505-11ee-b092-9977e6d073bd\">Gravatar hizmetine, kullan\u0131p kullanmad\u0131\u011f\u0131n\u0131z\u0131 g\u00f6rmek i\u00e7in e-posta adresinizden (karma olarak da adland\u0131r\u0131l\u0131r) olu\u015fturulan anonimle\u015ftirilmi\u015f bir dize sa\u011flanabilir. Gravatar hizmeti gizlilik politikas\u0131 burada mevcuttur: https:\/\/automattic.com\/privacy\/. Yorumunuz onayland\u0131ktan sonra, profil resminiz yorumunuz ba\u011flam\u0131nda herkese g\u00f6r\u00fcn\u00fcr.<\/p>\n\n\n\n<h2 class=\"wp-block-heading gutenify-section-ce794900-14e7-11ee-9eeb-abb517d19391\">Medyalar<\/h2>\n\n\n\n<p class=\"gutenify-section-ce7a3360-14e7-11ee-9eeb-abb517d19391\">Web sitesine g\u00f6rsel y\u00fcklerseniz, kat\u0131\u015ft\u0131r\u0131lm\u0131\u015f konum verileri (EXIF GPS) i\u00e7eren g\u00f6rselleri y\u00fcklemekten ka\u00e7\u0131nmal\u0131s\u0131n\u0131z. Web sitesini ziyaret edenler, web sitesindeki resimlerden herhangi bir konum verisini indirebilir ve \u00e7\u0131karabilir.<\/p>\n\n\n\n<h2 class=\"wp-block-heading gutenify-section-ce7acfa0-14e7-11ee-9eeb-abb517d19391\">\u00c7erezler <\/h2>\n\n\n\n<p class=\"gutenify-section-f186b0e0-1505-11ee-b092-9977e6d073bd\">Sitemize bir yorum b\u0131rak\u0131rsan\u0131z, ad\u0131n\u0131z\u0131, e-posta adresinizi ve web sitenizi tan\u0131mlama bilgilerine kaydetmeyi se\u00e7ebilirsiniz. Bunlar size kolayl\u0131k sa\u011flamak i\u00e7indir, b\u00f6ylece ba\u015fka bir yorum b\u0131rakt\u0131\u011f\u0131n\u0131zda bilgilerinizi tekrar doldurmak zorunda kalmazs\u0131n\u0131z. Bu tan\u0131mlama bilgileri bir y\u0131l s\u00fcreyle ge\u00e7erli olacakt\u0131r.<\/p>\n\n\n\n<p class=\"gutenify-section-f1877430-1505-11ee-b092-9977e6d073bd\">Giri\u015f sayfam\u0131z\u0131 ziyaret ederseniz, taray\u0131c\u0131n\u0131z\u0131n \u00e7erezleri kabul edip etmedi\u011fini belirlemek i\u00e7in ge\u00e7ici bir \u00e7erez ayarlayaca\u011f\u0131z. Bu \u00e7erez hi\u00e7bir ki\u015fisel veri i\u00e7ermez ve taray\u0131c\u0131n\u0131z\u0131 kapatt\u0131\u011f\u0131n\u0131zda at\u0131l\u0131r.<\/p>\n\n\n\n<p class=\"gutenify-section-f1881070-1505-11ee-b092-9977e6d073bd\">Giri\u015f yapt\u0131\u011f\u0131n\u0131zda, giri\u015f bilgilerinizi ve ekran g\u00f6r\u00fcnt\u00fcleme se\u00e7eneklerinizi kaydetmek i\u00e7in birka\u00e7 \u00e7erez de kuraca\u011f\u0131z. Giri\u015f tan\u0131mlama bilgileri iki g\u00fcn, ekran se\u00e7enekleri tan\u0131mlama bilgileri ise bir y\u0131l s\u00fcreyle saklan\u0131r. &#8220;Beni Hat\u0131rla&#8221; se\u00e7ene\u011fini se\u00e7erseniz, oturum a\u00e7ma bilgileriniz iki hafta boyunca devam eder. Hesab\u0131n\u0131zdan \u00e7\u0131k\u0131\u015f yaparsan\u0131z, giri\u015f \u00e7erezleri kald\u0131r\u0131lacakt\u0131r.<\/p>\n\n\n\n<p class=\"gutenify-section-f18a5a60-1505-11ee-b092-9977e6d073bd\">Bir makaleyi d\u00fczenler veya yay\u0131nlarsan\u0131z, taray\u0131c\u0131n\u0131za ek bir \u00e7erez kaydedilir. Bu tan\u0131mlama bilgisi hi\u00e7bir ki\u015fisel veri i\u00e7ermez ve yaln\u0131zca az \u00f6nce d\u00fczenledi\u011finiz makalenin g\u00f6nderi kimli\u011fini g\u00f6sterir. 1 g\u00fcn sonra sona eriyor<\/p>\n\n\n\n<h2 class=\"wp-block-heading gutenify-section-ce7d67b0-14e7-11ee-9eeb-abb517d19391\">Di\u011fer web sitelerinden g\u00f6m\u00fcl\u00fc i\u00e7erik<\/h2>\n\n\n\n<p class=\"gutenify-section-01476fb0-1506-11ee-b092-9977e6d073bd\">Bu sitedeki makaleler g\u00f6m\u00fcl\u00fc i\u00e7erik (\u00f6r. videolar, resimler, makaleler vb.) i\u00e7erebilir. Di\u011fer web sitelerinden g\u00f6m\u00fclen i\u00e7erik, ziyaret\u00e7inin di\u011fer web sitesini ziyaret etmi\u015f gibi tamamen ayn\u0131 \u015fekilde davran\u0131r.<\/p>\n\n\n\n<p class=\"gutenify-section-0149e0b0-1506-11ee-b092-9977e6d073bd\">Bu web siteleri sizin hakk\u0131n\u0131zda veri toplayabilir, tan\u0131mlama bilgileri kullanabilir, \u00fc\u00e7\u00fcnc\u00fc taraf taraf\u0131ndan g\u00f6m\u00fclm\u00fc\u015f \u015fekilde izleme yapabilir ve bir hesab\u0131n\u0131z varsa ve o web sitesinde oturum a\u00e7t\u0131ysan\u0131z, g\u00f6m\u00fclen i\u00e7erikle etkile\u015fiminizi izlemek dahil olmak \u00fczere, bu g\u00f6m\u00fclen i\u00e7erikle etkile\u015fiminizi izleyebilir.<\/p>\n\n\n\n<h2 class=\"wp-block-heading gutenify-section-ce7ec740-14e7-11ee-9eeb-abb517d19391\">Verilerinizi kimlerle payla\u015f\u0131yoruz<\/h2>\n\n\n\n<p class=\"gutenify-section-ce7f3c70-14e7-11ee-9eeb-abb517d19391\"><strong class=\"privacy-policy-tutorial\">Parola s\u0131f\u0131rlama talebinde bulunursan\u0131z, IP adresiniz s\u0131f\u0131rlama e-postas\u0131na dahil edilecektir.<\/strong> Verilerinizi 3. \u015fah\u0131slar ile payla\u015fm\u0131yoruz. Sadece MCE ile ileti\u015fiminiz ve\/veya etkile\u015fiminiz nedeniyle yurti\u00e7i yada yurtd\u0131\u015f\u0131ndaki sunucular\u0131m\u0131zda belirli bir s\u00fcre ile kalabilir. <\/p>\n\n\n\n<h2 class=\"wp-block-heading gutenify-section-ce7fffc0-14e7-11ee-9eeb-abb517d19391\">Verilerinizi ne kadar s\u00fcreyle saklar\u0131z?<\/h2>\n\n\n\n<p class=\"gutenify-section-1b7bcf70-1506-11ee-b092-9977e6d073bd\">Bir yorum b\u0131rak\u0131rsan\u0131z, yorum ve meta verileri s\u00fcresiz olarak korunur. Bu, herhangi bir takip yorumunu denetleme kuyru\u011funda tutmak yerine otomatik olarak tan\u0131yabilmemiz ve onaylayabilmemiz i\u00e7indir.<\/p>\n\n\n\n<p class=\"gutenify-section-1b7e1960-1506-11ee-b092-9977e6d073bd\">Web sitemize (varsa) kaydolan kullan\u0131c\u0131lar i\u00e7in, sa\u011flad\u0131klar\u0131 ki\u015fisel bilgileri de kullan\u0131c\u0131 profillerinde saklar\u0131z. T\u00fcm kullan\u0131c\u0131lar ki\u015fisel bilgilerini istedikleri zaman g\u00f6rebilir, d\u00fczenleyebilir veya silebilir (kullan\u0131c\u0131 adlar\u0131n\u0131 de\u011fi\u015ftirememeleri d\u0131\u015f\u0131nda). Web sitesi y\u00f6neticileri de bu bilgileri g\u00f6rebilir ve d\u00fczenleyebilir.<\/p>\n\n\n\n<h2 class=\"wp-block-heading gutenify-section-ce815f50-14e7-11ee-9eeb-abb517d19391\">Verileriniz \u00fczerinde hangi haklara sahipsiniz?<\/h2>\n\n\n\n<p class=\"gutenify-section-ce81ad70-14e7-11ee-9eeb-abb517d19391\"><strong class=\"privacy-policy-tutorial\">Bu sitede bir hesab\u0131n\u0131z varsa veya yorum yapt\u0131ysan\u0131z, bize sa\u011flad\u0131\u011f\u0131n\u0131z veriler de dahil olmak \u00fczere, hakk\u0131n\u0131zda tuttu\u011fumuz ki\u015fisel verilerin d\u0131\u015fa aktar\u0131lan bir dosyas\u0131n\u0131 talep edebilirsiniz. Ayr\u0131ca, hakk\u0131n\u0131zda tuttu\u011fumuz t\u00fcm ki\u015fisel verileri silmemizi talep edebilirsiniz. Bu, idari, yasal veya g\u00fcvenlik ama\u00e7lar\u0131yla saklamak zorunda oldu\u011fumuz hi\u00e7bir veriyi i\u00e7ermez.<\/strong><\/p>\n\n\n\n<h2 class=\"wp-block-heading gutenify-section-ce8270c0-14e7-11ee-9eeb-abb517d19391\">Verileriniz nereye g\u00f6nderilir?<\/h2>\n\n\n\n<p class=\"gutenify-section-ce82e5f0-14e7-11ee-9eeb-abb517d19391\"><strong class=\"privacy-policy-tutorial\">Ziyaret\u00e7i yorumlar\u0131, otomatik spam alg\u0131lama hizmeti arac\u0131l\u0131\u011f\u0131yla kontrol edilebilir.<\/strong> Yada bu site \u00fczerinde kullan\u0131lan di\u011fer mod\u00fcl \u00fcreticileri taraf\u0131ndan k\u0131smen g\u00f6r\u00fclebilir. <\/p>\n\n\n\n<p class=\"gutenify-section-7393d7c0-1506-11ee-b092-9977e6d073bd\">Her t\u00fcrl\u00fc sorunuzda ileti\u015fim formumuzdan ileti\u015fime ge\u00e7iniz. <\/p>\n<\/div>\n","protected":false},"excerpt":{"rendered":"<p>Biz Kimiz Web sitesi adresimiz https:\/\/mce.com.tr&#8217;dir. Bilgilendirme Metni A\u015fa\u011f\u0131dad\u0131r. 6698 SAYILI K\u0130\u015e\u0130SEL VER\u0130LER\u0130N KORUNMASI KANUNU GERE\u011e\u0130NCE B\u0130LG\u0130LEND\u0130RME Bu bilgilendirme, 6698 say\u0131l\u0131 Ki\u015fisel Verilerin Korunmas\u0131 Kanunu (\u201cKVKK\u201d) kapsam\u0131nda, \u2018Veri Sorumlusu\u2019 s\u0131fat\u0131yla,&nbsp;MCE Bili\u015fim Elektronik M\u00fchendislik \u0130n\u015faat G\u0131da Spor Tekstil ve Sanayi Limited \u015eirketi\u2019nin, i\u015f ortaklar\u0131na, hissedarlar\u0131na, m\u00fc\u015fterilerine, ileti\u015fimde bulundu\u011fu ger\u00e7ek ya da t\u00fczel ki\u015filere ayd\u0131nlatma y\u00fck\u00fcml\u00fcl\u00fc\u011f\u00fcn\u00fc yerine [&hellip;]<\/p>\n","protected":false},"author":1,"featured_media":0,"parent":0,"menu_order":0,"comment_status":"closed","ping_status":"open","template":"templates\/fluid-page-builder.php","meta":{"om_disable_all_campaigns":false,"site-container-style":"default","site-container-layout":"narrow","site-sidebar-layout":"no-sidebar","site-transparent-header":"default","disable-article-header":"default","disable-site-header":"default","disable-site-footer":"default","disable-content-area-spacing":"default","_themeisle_gutenberg_block_has_review":false,"footnotes":""},"class_list":["post-877","page","type-page","status-publish","hentry"],"jetpack_sharing_enabled":true,"_links":{"self":[{"href":"https:\/\/mce.com.tr\/index.php\/wp-json\/wp\/v2\/pages\/877","targetHints":{"allow":["GET"]}}],"collection":[{"href":"https:\/\/mce.com.tr\/index.php\/wp-json\/wp\/v2\/pages"}],"about":[{"href":"https:\/\/mce.com.tr\/index.php\/wp-json\/wp\/v2\/types\/page"}],"author":[{"embeddable":true,"href":"https:\/\/mce.com.tr\/index.php\/wp-json\/wp\/v2\/users\/1"}],"replies":[{"embeddable":true,"href":"https:\/\/mce.com.tr\/index.php\/wp-json\/wp\/v2\/comments?post=877"}],"version-history":[{"count":4,"href":"https:\/\/mce.com.tr\/index.php\/wp-json\/wp\/v2\/pages\/877\/revisions"}],"predecessor-version":[{"id":1119,"href":"https:\/\/mce.com.tr\/index.php\/wp-json\/wp\/v2\/pages\/877\/revisions\/1119"}],"wp:attachment":[{"href":"https:\/\/mce.com.tr\/index.php\/wp-json\/wp\/v2\/media?parent=877"}],"curies":[{"name":"wp","href":"https:\/\/api.w.org\/{rel}","templated":true}]}}